{"id":135,"date":"2015-06-02T00:38:49","date_gmt":"2015-06-01T22:38:49","guid":{"rendered":"http:\/\/www.32ppp.de\/fstrauss\/?page_id=135"},"modified":"2015-08-27T05:49:13","modified_gmt":"2015-08-27T03:49:13","slug":"meine-patin","status":"publish","type":"page","link":"https:\/\/www.32ppp.de\/fstrauss\/meine-patin\/","title":{"rendered":"Meine Patin"},"content":{"rendered":"<p>Das Parlamentarische Patenschafts-Programm sieht vor, dass ein Mitglied des Deutschen Bundestag f\u00fcr das Jahr eine Art Patenschaft f\u00fcr einen Teilnehmer seines Wahlkreises \u00fcbernimmt. Diese Patenschaft beinhaltet sowohl die Auswahl des Teilnehmers im letzten Schritt des Bewerbungsverfahrens als auch die Funktion eines Ansprechpartners in Deutschland.<\/p>\n<p>Meine Patin ist Frau <strong>Gerda Hasselfeldt<\/strong>.<\/p>\n<p>Geboren am 7. Juli 1950 in Straubing (Niederbayern);<br \/>\nr\u00f6misch-katholisch; verheiratet; zwei Kinder<\/p>\n<p><span style=\"text-decoration: underline\">Politischer Werdegang<\/span><br \/>\nseit 1969\u00a0\u00a0\u00a0\u00a0 Mitglied der CSU<br \/>\n1978 &#8211; 89\u00a0\u00a0\u00a0\u00a0 Kreisr\u00e4tin im Kreis Regen<br \/>\nseit 1987\u00a0\u00a0\u00a0\u00a0 Mitglied des Deutschen Bundestages<br \/>\n1989 &#8211; 91\u00a0\u00a0\u00a0\u00a0 Bundesministerin f\u00fcr Raumordnung, Bauwesen und St\u00e4dtebau<br \/>\n1991 &#8211; 92\u00a0\u00a0\u00a0\u00a0 Bundesministerin f\u00fcr Gesundheit<br \/>\n1991 &#8211; 95\u00a0\u00a0\u00a0\u00a0 Landesvorsitzende der Frauen-Union<br \/>\n1995 &#8211; 02\u00a0\u00a0\u00a0\u00a0 Finanzpolitische Sprecherin der CDU\/CSU-Bundestagsfraktion<br \/>\n1995 &#8211; 05\u00a0\u00a0\u00a0\u00a0 Kreisvorsitzende der CSU F\u00fcrstenfeldbruck<br \/>\n1996 &#8211; 04\u00a0\u00a0\u00a0\u00a0 Kreisr\u00e4tin im Kreis F\u00fcrstenfeldbruck<br \/>\n2002 &#8211; 05\u00a0\u00a0\u00a0\u00a0 Stellv. Vorsitzende der CDU\/CSU- Bundestagsfraktion<br \/>\n2005 &#8211; 11\u00a0\u00a0\u00a0\u00a0\u00a0Vizepr\u00e4sidentin des Deutschen Bundestages, Mitglied des \u00c4ltestenrates,<br \/>\nVorsitzende der Kommission f\u00fcr Innere Angelegenheiten,<br \/>\nMitglied im Finanzausschuss, Stellv. Mitglied im Ausschuss f\u00fcr Familie, Senioren, Frauen und\u00a0Jugend<br \/>\nseit 2006\u00a0\u00a0\u00a0\u00a0 Mitglied der CSU-Grundsatzkommission<br \/>\nseit 2009\u00a0\u00a0\u00a0\u00a0 Mitglied im CSU-Parteivorstand,\u00a0seit 2011 kraft Amtes als<br \/>\nVorsitzende der CSU-Landesgruppe im Deutschen Bundestag<br \/>\nseit 2011\u00a0\u00a0\u00a0\u00a0 Vorsitzende der CSU-Landesgruppe im Deutschen Bundestag und<br \/>\nErste Stellv. Vorsitzende der CDU\/CSU-Bundestagsfraktion<\/p>\n<div id=\"attachment_144\" style=\"width: 298px\" class=\"wp-caption aligncenter\"><a href=\"https:\/\/www.32ppp.de\/fstrauss\/wp-content\/uploads\/sites\/22\/2015\/06\/Image-05.06.15-at-13.21.jpg\" rel=\"lightbox[135]\"><img loading=\"lazy\" decoding=\"async\" aria-describedby=\"caption-attachment-144\" class=\"size-full wp-image-144\" src=\"https:\/\/www.32ppp.de\/fstrauss\/wp-content\/uploads\/sites\/22\/2015\/06\/Image-05.06.15-at-13.21.jpg\" alt=\"Urheber des Bildes ist Henning Schacht. \" width=\"288\" height=\"327\" srcset=\"https:\/\/www.32ppp.de\/fstrauss\/wp-content\/uploads\/sites\/22\/2015\/06\/Image-05.06.15-at-13.21.jpg 288w, https:\/\/www.32ppp.de\/fstrauss\/wp-content\/uploads\/sites\/22\/2015\/06\/Image-05.06.15-at-13.21-264x300.jpg 264w\" sizes=\"auto, (max-width: 288px) 100vw, 288px\" \/><\/a><p id=\"caption-attachment-144\" class=\"wp-caption-text\">Urheber des Bildes ist Henning Schacht.<\/p><\/div>\n<p>An dieser Stelle m\u00f6chte ich mich noch einmal herzlich bei Frau Hasselfeldt f\u00fcr die gro\u00dfartige Chance, die sie mir erm\u00f6glicht,\u00a0bedanken!<\/p>\n","protected":false},"excerpt":{"rendered":"<p>Das Parlamentarische Patenschafts-Programm sieht vor, dass ein Mitglied des Deutschen Bundestag f\u00fcr das Jahr eine Art Patenschaft f\u00fcr einen Teilnehmer seines Wahlkreises \u00fcbernimmt. Diese Patenschaft beinhaltet sowohl die Auswahl des Teilnehmers im letzten Schritt des Bewerbungsverfahrens als auch die Funktion eines Ansprechpartners in Deutschland. Meine Patin ist Frau Gerda Hasselfeldt. Geboren am 7. Juli 1950 [&hellip;]<\/p>\n","protected":false},"author":28,"featured_media":191,"parent":0,"menu_order":0,"comment_status":"closed","ping_status":"closed","template":"","meta":{"footnotes":""},"class_list":["post-135","page","type-page","status-publish","has-post-thumbnail","hentry"],"_links":{"self":[{"href":"https:\/\/www.32ppp.de\/fstrauss\/wp-json\/wp\/v2\/pages\/135","targetHints":{"allow":["GET"]}}],"collection":[{"href":"https:\/\/www.32ppp.de\/fstrauss\/wp-json\/wp\/v2\/pages"}],"about":[{"href":"https:\/\/www.32ppp.de\/fstrauss\/wp-json\/wp\/v2\/types\/page"}],"author":[{"embeddable":true,"href":"https:\/\/www.32ppp.de\/fstrauss\/wp-json\/wp\/v2\/users\/28"}],"replies":[{"embeddable":true,"href":"https:\/\/www.32ppp.de\/fstrauss\/wp-json\/wp\/v2\/comments?post=135"}],"version-history":[{"count":5,"href":"https:\/\/www.32ppp.de\/fstrauss\/wp-json\/wp\/v2\/pages\/135\/revisions"}],"predecessor-version":[{"id":356,"href":"https:\/\/www.32ppp.de\/fstrauss\/wp-json\/wp\/v2\/pages\/135\/revisions\/356"}],"wp:featuredmedia":[{"embeddable":true,"href":"https:\/\/www.32ppp.de\/fstrauss\/wp-json\/wp\/v2\/media\/191"}],"wp:attachment":[{"href":"https:\/\/www.32ppp.de\/fstrauss\/wp-json\/wp\/v2\/media?parent=135"}],"curies":[{"name":"wp","href":"https:\/\/api.w.org\/{rel}","templated":true}]}}